{"id":1852,"date":"2024-01-03T14:35:14","date_gmt":"2024-01-03T13:35:14","guid":{"rendered":"https:\/\/brueningk-lvm.de\/?page_id=1852"},"modified":"2024-03-15T12:27:48","modified_gmt":"2024-03-15T11:27:48","slug":"impressum","status":"publish","type":"page","link":"https:\/\/futurenow.info\/spiertz-group\/impressum\/","title":{"rendered":"Impressum"},"content":{"rendered":"\t\t<div data-elementor-type=\"wp-page\" data-elementor-id=\"1852\" class=\"elementor elementor-1852\" data-elementor-post-type=\"page\">\n\t\t\t\t<div class=\"elementor-element elementor-element-29119df e-flex e-con-boxed e-con e-parent\" data-id=\"29119df\" data-element_type=\"container\" data-core-v316-plus=\"true\">\n\t\t\t\t\t<div class=\"e-con-inner\">\n\t\t\t\t<div class=\"elementor-element elementor-element-2156998 elementor-widget elementor-widget-heading\" data-id=\"2156998\" data-element_type=\"widget\" data-widget_type=\"heading.default\">\n\t\t\t\t<div class=\"elementor-widget-container\">\n\t\t\t<style>\/*! elementor - v3.20.0 - 13-03-2024 *\/\n.elementor-heading-title{padding:0;margin:0;line-height:1}.elementor-widget-heading .elementor-heading-title[class*=elementor-size-]>a{color:inherit;font-size:inherit;line-height:inherit}.elementor-widget-heading .elementor-heading-title.elementor-size-small{font-size:15px}.elementor-widget-heading .elementor-heading-title.elementor-size-medium{font-size:19px}.elementor-widget-heading .elementor-heading-title.elementor-size-large{font-size:29px}.elementor-widget-heading .elementor-heading-title.elementor-size-xl{font-size:39px}.elementor-widget-heading .elementor-heading-title.elementor-size-xxl{font-size:59px}<\/style><h2 class=\"elementor-heading-title elementor-size-default\">Impressum gem\u00e4\u00df \u00a7 5 Telemediengesetz (TMG)<\/h2>\t\t<\/div>\n\t\t\t\t<\/div>\n\t\t\t\t<div class=\"elementor-element elementor-element-48fb8e8 elementor-widget elementor-widget-text-editor\" data-id=\"48fb8e8\" data-element_type=\"widget\" data-widget_type=\"text-editor.default\">\n\t\t\t\t<div class=\"elementor-widget-container\">\n\t\t\t<style>\/*! elementor - v3.20.0 - 13-03-2024 *\/\n.elementor-widget-text-editor.elementor-drop-cap-view-stacked .elementor-drop-cap{background-color:#69727d;color:#fff}.elementor-widget-text-editor.elementor-drop-cap-view-framed .elementor-drop-cap{color:#69727d;border:3px solid;background-color:transparent}.elementor-widget-text-editor:not(.elementor-drop-cap-view-default) .elementor-drop-cap{margin-top:8px}.elementor-widget-text-editor:not(.elementor-drop-cap-view-default) .elementor-drop-cap-letter{width:1em;height:1em}.elementor-widget-text-editor .elementor-drop-cap{float:left;text-align:center;line-height:1;font-size:50px}.elementor-widget-text-editor .elementor-drop-cap-letter{display:inline-block}<\/style>\t\t\t\tVerantwortlich f\u00fcr die Inhalte des Internetauftritts:\n\nTorben Br\u00fcningk\nRathausstr. 1 \n22941 Bargteheide\n\nTelefon: 04532 25872\n\nFAX: 04532 261036\n\ninfo@brueningk.lvm.de\t\t\t\t\t\t<\/div>\n\t\t\t\t<\/div>\n\t\t\t\t\t<\/div>\n\t\t\t\t<\/div>\n\t\t<div class=\"elementor-element elementor-element-5544c76 e-flex e-con-boxed e-con e-parent\" data-id=\"5544c76\" data-element_type=\"container\" data-core-v316-plus=\"true\">\n\t\t\t\t\t<div class=\"e-con-inner\">\n\t\t\t\t<div class=\"elementor-element elementor-element-a33654b elementor-widget elementor-widget-text-editor\" data-id=\"a33654b\" data-element_type=\"widget\" data-widget_type=\"text-editor.default\">\n\t\t\t\t<div class=\"elementor-widget-container\">\n\t\t\t\t\t\t\t<h5>Gebundener Versicherungsvertreter nach \u00a7 34d Abs. 7 Satz 1 Nr. 1 der Gewerbeordnung<\/h5>\t\t\t\t\t\t<\/div>\n\t\t\t\t<\/div>\n\t\t\t\t<div class=\"elementor-element elementor-element-719c870 elementor-widget elementor-widget-text-editor\" data-id=\"719c870\" data-element_type=\"widget\" data-widget_type=\"text-editor.default\">\n\t\t\t\t<div class=\"elementor-widget-container\">\n\t\t\t\t\t\t\t<p><strong>Registrierungsnummer<\/strong><br \/>D-3486-PJNJO-96 (www.vermittlerregister.info)<\/p><p><strong>Zust\u00e4ndige Aufsichtsbeh\u00f6rde<\/strong><br \/>Industrie- und Handelskammer L\u00fcbeck Fackenburger Allee 2 23554 L\u00fcbeck<br \/>Mitglied der vorgenannten IHK<\/p>\t\t\t\t\t\t<\/div>\n\t\t\t\t<\/div>\n\t\t\t\t\t<\/div>\n\t\t\t\t<\/div>\n\t\t<div class=\"elementor-element elementor-element-81ad8b6 e-flex e-con-boxed e-con e-parent\" data-id=\"81ad8b6\" data-element_type=\"container\" data-core-v316-plus=\"true\">\n\t\t\t\t\t<div class=\"e-con-inner\">\n\t\t\t\t<div class=\"elementor-element elementor-element-3a99322 elementor-widget elementor-widget-text-editor\" data-id=\"3a99322\" data-element_type=\"widget\" data-widget_type=\"text-editor.default\">\n\t\t\t\t<div class=\"elementor-widget-container\">\n\t\t\t\t\t\t\t<h5>Berufsbezeichnung<\/h5>\t\t\t\t\t\t<\/div>\n\t\t\t\t<\/div>\n\t\t\t\t<div class=\"elementor-element elementor-element-878fe87 elementor-widget elementor-widget-text-editor\" data-id=\"878fe87\" data-element_type=\"widget\" data-widget_type=\"text-editor.default\">\n\t\t\t\t<div class=\"elementor-widget-container\">\n\t\t\t\t\t\t\t<p>Versicherungsvertreter gem\u00e4\u00df Versicherungsvermittlerregister; Bundesrepublik Deutschland<\/p>\t\t\t\t\t\t<\/div>\n\t\t\t\t<\/div>\n\t\t\t\t\t<\/div>\n\t\t\t\t<\/div>\n\t\t<div class=\"elementor-element elementor-element-5f80a1c e-flex e-con-boxed e-con e-parent\" data-id=\"5f80a1c\" data-element_type=\"container\" data-core-v316-plus=\"true\">\n\t\t\t\t\t<div class=\"e-con-inner\">\n\t\t\t\t<div class=\"elementor-element elementor-element-96d10de elementor-widget elementor-widget-text-editor\" data-id=\"96d10de\" data-element_type=\"widget\" data-widget_type=\"text-editor.default\">\n\t\t\t\t<div class=\"elementor-widget-container\">\n\t\t\t\t\t\t\t<h5>Berufsrechtliche Regelungen<\/h5>\t\t\t\t\t\t<\/div>\n\t\t\t\t<\/div>\n\t\t\t\t<div class=\"elementor-element elementor-element-7b774b6 elementor-widget elementor-widget-text-editor\" data-id=\"7b774b6\" data-element_type=\"widget\" data-widget_type=\"text-editor.default\">\n\t\t\t\t<div class=\"elementor-widget-container\">\n\t\t\t\t\t\t\t<p>\u00a7 34d Gewerbeordnung (GewO)<br \/>\u00a7\u00a7 59-68 Versicherungsvertragsgesetz (VVG)<br \/>Versicherungsvermittlerverordnung (VersVermV)<\/p>\t\t\t\t\t\t<\/div>\n\t\t\t\t<\/div>\n\t\t\t\t\t<\/div>\n\t\t\t\t<\/div>\n\t\t<div class=\"elementor-element elementor-element-7874bf0 e-flex e-con-boxed e-con e-parent\" data-id=\"7874bf0\" data-element_type=\"container\" data-core-v316-plus=\"true\">\n\t\t\t\t\t<div class=\"e-con-inner\">\n\t\t\t\t<div class=\"elementor-element elementor-element-220523b elementor-widget elementor-widget-text-editor\" data-id=\"220523b\" data-element_type=\"widget\" data-widget_type=\"text-editor.default\">\n\t\t\t\t<div class=\"elementor-widget-container\">\n\t\t\t\t\t\t\t<h5>Verbraucherstreitbeilegung<\/h5>\t\t\t\t\t\t<\/div>\n\t\t\t\t<\/div>\n\t\t\t\t<div class=\"elementor-element elementor-element-412c1c3 elementor-widget elementor-widget-text-editor\" data-id=\"412c1c3\" data-element_type=\"widget\" data-widget_type=\"text-editor.default\">\n\t\t\t\t<div class=\"elementor-widget-container\">\n\t\t\t\t\t\t\t<p>Ich\/ wir nehme(n) an einem Streitbeilegungsverfahren vor den aufgef\u00fchrten Verbraucherschlichtungsstellen teil.<\/p><p>Versicherungsombudsmann e. V.<br \/>Postfach 08 06 32<br \/>10006 Berlin<br \/>www.versicherungsombudsmann.de<\/p><p>Ombudsmann<br \/>Private Kranken- und Pflegeversicherung<br \/>Postfach 06 02 22<br \/>10052 Berlin<br \/>www.pkv-ombudsmann.de<\/p>\t\t\t\t\t\t<\/div>\n\t\t\t\t<\/div>\n\t\t\t\t\t<\/div>\n\t\t\t\t<\/div>\n\t\t<div class=\"elementor-element elementor-element-58f5a32 e-flex e-con-boxed e-con e-parent\" data-id=\"58f5a32\" data-element_type=\"container\" data-core-v316-plus=\"true\">\n\t\t\t\t\t<div class=\"e-con-inner\">\n\t\t\t\t<div class=\"elementor-element elementor-element-7a5a7b5 elementor-widget elementor-widget-text-editor\" data-id=\"7a5a7b5\" data-element_type=\"widget\" data-widget_type=\"text-editor.default\">\n\t\t\t\t<div class=\"elementor-widget-container\">\n\t\t\t\t\t\t\t<h5>Erlaubnis nach \u00a7 34c der Gewerbeordnung<\/h5>\t\t\t\t\t\t<\/div>\n\t\t\t\t<\/div>\n\t\t\t\t<div class=\"elementor-element elementor-element-231de20 elementor-widget elementor-widget-text-editor\" data-id=\"231de20\" data-element_type=\"widget\" data-widget_type=\"text-editor.default\">\n\t\t\t\t<div class=\"elementor-widget-container\">\n\t\t\t\t\t\t\t<p><strong>Zust\u00e4ndige Aufsichtsbeh\u00f6rde<\/strong><br \/>Stadt Bad Schwartau Markt 15 23611 Bad Schwartau<\/p>\t\t\t\t\t\t<\/div>\n\t\t\t\t<\/div>\n\t\t\t\t\t<\/div>\n\t\t\t\t<\/div>\n\t\t<div class=\"elementor-element elementor-element-0c00c6e e-flex e-con-boxed e-con e-parent\" data-id=\"0c00c6e\" data-element_type=\"container\" data-settings=\"{&quot;background_background&quot;:&quot;classic&quot;}\" data-core-v316-plus=\"true\">\n\t\t\t\t\t<div class=\"e-con-inner\">\n\t\t\t\t<div class=\"elementor-element elementor-element-5303380 elementor-widget elementor-widget-text-editor\" data-id=\"5303380\" data-element_type=\"widget\" data-widget_type=\"text-editor.default\">\n\t\t\t\t<div class=\"elementor-widget-container\">\n\t\t\t\t\t\t\t<h5>Erlaubnis als Immobiliar\u00addarlehens\u00advermittler nach \u00a7 34i Abs.1 der Gewerbeordnung<\/h5>\t\t\t\t\t\t<\/div>\n\t\t\t\t<\/div>\n\t\t\t\t<div class=\"elementor-element elementor-element-0fd3e6a elementor-widget elementor-widget-text-editor\" data-id=\"0fd3e6a\" data-element_type=\"widget\" data-widget_type=\"text-editor.default\">\n\t\t\t\t<div class=\"elementor-widget-container\">\n\t\t\t\t\t\t\t<p><strong>Registrierungsnummer<\/strong><br \/>D-W-150-MD8G-54 (www.vermittlerregister.info)<\/p><p><strong>Name und Anschrift der zust\u00e4ndigen Erlaubnisbeh\u00f6rde<\/strong><br \/>IHK zu L\u00fcbeck<br \/>Fackenburger Allee 2<br \/>23554 L\u00fcbeck<\/p><p><strong>Name und Anschrift der zust\u00e4ndigen Registrierungsbeh\u00f6rde<\/strong><br \/>IHK zu L\u00fcbeck<br \/>Fackenburger Allee 2<br \/>23554 L\u00fcbeck<\/p>\t\t\t\t\t\t<\/div>\n\t\t\t\t<\/div>\n\t\t\t\t\t<\/div>\n\t\t\t\t<\/div>\n\t\t<div class=\"elementor-element elementor-element-66ee7a4 e-flex e-con-boxed e-con e-parent\" data-id=\"66ee7a4\" data-element_type=\"container\" data-settings=\"{&quot;background_background&quot;:&quot;classic&quot;}\" data-core-v316-plus=\"true\">\n\t\t\t\t\t<div class=\"e-con-inner\">\n\t\t\t\t<div class=\"elementor-element elementor-element-8d59674 elementor-widget elementor-widget-text-editor\" data-id=\"8d59674\" data-element_type=\"widget\" id=\"Erstinformation\" data-widget_type=\"text-editor.default\">\n\t\t\t\t<div class=\"elementor-widget-container\">\n\t\t\t\t\t\t\t<h2>Erstinformation<\/h2>\t\t\t\t\t\t<\/div>\n\t\t\t\t<\/div>\n\t\t\t\t<div class=\"elementor-element elementor-element-e50f4e1 elementor-widget elementor-widget-text-editor\" data-id=\"e50f4e1\" data-element_type=\"widget\" data-widget_type=\"text-editor.default\">\n\t\t\t\t<div class=\"elementor-widget-container\">\n\t\t\t\t\t\t\tDownload der <span style=\"text-decoration: underline;\"><span style=\"color: #333333; text-decoration: underline;\"><a style=\"color: #333333; text-decoration: underline;\" href=\"\/wp-content\/uploads\/2023\/11\/Erstinformation.pdf\">Erstinformation<\/a><\/span><\/span> des Versicherungsvermittlers.\t\t\t\t\t\t<\/div>\n\t\t\t\t<\/div>\n\t\t\t\t<div class=\"elementor-element elementor-element-0e47997 elementor-widget elementor-widget-text-editor\" data-id=\"0e47997\" data-element_type=\"widget\" data-widget_type=\"text-editor.default\">\n\t\t\t\t<div class=\"elementor-widget-container\">\n\t\t\t\t\t\t\tVersicherungsvermittler sind gesetzlich verpflichtet, Ihnen beim ersten gesch\u00e4ftlichen Kontakt eine sogenannte Erstinformation (\u00a7 60 Versicherungsvertragsgesetz (VVG) und \u00a7 15 Versicherungsvermittlungsverordnung (VersVermV)) zu erteilen. Diese beinhaltet im Wesentlichen Informationen \u00fcber den Vermittlerstatus, die Versicherungsunternehmen, f\u00fcr die sie t\u00e4tig sind oder auch Beschwerdem\u00f6glichkeiten f\u00fcr Verbraucher.\t\t\t\t\t\t<\/div>\n\t\t\t\t<\/div>\n\t\t\t\t\t<\/div>\n\t\t\t\t<\/div>\n\t\t<div class=\"elementor-element elementor-element-6e33f33 e-flex e-con-boxed e-con e-parent\" data-id=\"6e33f33\" data-element_type=\"container\" id=\"Offenlegungspflichten\" data-settings=\"{&quot;background_background&quot;:&quot;classic&quot;}\" data-core-v316-plus=\"true\">\n\t\t\t\t\t<div class=\"e-con-inner\">\n\t\t\t\t<div class=\"elementor-element elementor-element-a1d89ea elementor-widget elementor-widget-text-editor\" data-id=\"a1d89ea\" data-element_type=\"widget\" data-widget_type=\"text-editor.default\">\n\t\t\t\t<div class=\"elementor-widget-container\">\n\t\t\t\t\t\t\t<h2>Nachhaltigkeitsbezogene Offenlegungspflichten<\/h2>\t\t\t\t\t\t<\/div>\n\t\t\t\t<\/div>\n\t\t\t\t<div class=\"elementor-element elementor-element-d9b56e2 elementor-widget elementor-widget-text-editor\" data-id=\"d9b56e2\" data-element_type=\"widget\" data-widget_type=\"text-editor.default\">\n\t\t\t\t<div class=\"elementor-widget-container\">\n\t\t\t\t\t\t\tHier finden Sie die gesetzlich geforderten Informationen zu nachhaltigkeitsbezogenen Offenlegungspflichten im Finanzdienstleistungssektor.\n<br>\nDie Verordnung (EU) 2019\/2088 \u00fcber nachhaltigkeitsbezogene Offenlegungspflichten im Finanzdienstleistungssektor (sogenannte Transparenzverordnung; im Folgenden: TranspVO) normiert eine Reihe von Informationspflichten, die bei der Beratung \u00fcber bestimmte Produkte der LVM Lebensversicherungs-AG bzw. der LVM Pensionsfonds-AG zu erf\u00fcllen sind. Zu diesen Produkten geh\u00f6ren nach derzeitigem Stand insbesondere die sog. Versicherungsanlageprodukte (auch IBIP genannt f\u00fcr Insurance Based Investment Product), Produkte der betrieblichen Altersversorgung sowie Riester- und Basisrentenvertr\u00e4ge.\t\t\t\t\t\t<\/div>\n\t\t\t\t<\/div>\n\t\t\t\t<div class=\"elementor-element elementor-element-78402c0 elementor-widget elementor-widget-text-editor\" data-id=\"78402c0\" data-element_type=\"widget\" data-widget_type=\"text-editor.default\">\n\t\t\t\t<div class=\"elementor-widget-container\">\n\t\t\t\t\t\t\t<h5>Strategien zur Einbeziehung von Nachhaltigkeitsrisiken bei der beratenden T\u00e4tigkeit<\/h5>\t\t\t\t\t\t<\/div>\n\t\t\t\t<\/div>\n\t\t\t\t<div class=\"elementor-element elementor-element-7cbca1b elementor-widget elementor-widget-text-editor\" data-id=\"7cbca1b\" data-element_type=\"widget\" data-widget_type=\"text-editor.default\">\n\t\t\t\t<div class=\"elementor-widget-container\">\n\t\t\t\t\t\t\tArt. 3 Abs. 2 TranspVO verpflichtet Versicherungsvermittler als Finanzberater zur Ver\u00f6ffentlichung ihrer Strategien zur Einbeziehung von Nachhaltigkeitsrisiken, die bei den Anlageberatungs- oder Versicherungsberatungst\u00e4tigkeiten f\u00fcr die oben aufgef\u00fchrten Produkte verfolgt werden.\n<br>\nAls Nachhaltigkeitsrisiko in diesem Sinne ist ein Ereignis aus den Bereichen Umwelt, Soziales oder Unternehmensf\u00fchrung zu verstehen, mit dessen Eintritt wesentliche nachteilige Auswirkungen auf den Wert der Investition verbunden sein k\u00f6nnen.\n<br>\nMeine Nachhaltigkeitsstrategie ist wie folgt angelegt:\n\n\nAls Ausschlie\u00dflichkeitsvermittler berate ich ausschlie\u00dflich \u00fcber Versicherungsprodukte der LVM Versicherung sowie deren Kooperationspartner. Die Einbeziehung von Nachhaltigkeitsrisiken im Rahmen der Beratung erfolgt zun\u00e4chst vor dem Hintergrund der vom Kunden ge\u00e4u\u00dferten W\u00fcnsche und Bed\u00fcrfnisse unter Abgleich mit dem vorhandenen Produktportfolio der LVM Versicherung sowie deren Kooperationspartnern. Ob und ggf. in welchem Umfang Nachhaltigkeitsrisiken f\u00fcr einzelne Produkte relevant sind, ist den jeweiligen vorvertraglichen Produktinformationen des Anbieters zu entnehmen. Eine dar\u00fcber hinausgehende Bewertung bzw. Einbeziehung von Nachhaltigkeitsrisiken erfolgt bei der Beratung nicht.\t\t\t\t\t\t<\/div>\n\t\t\t\t<\/div>\n\t\t\t\t<div class=\"elementor-element elementor-element-7dfa7ef elementor-widget elementor-widget-text-editor\" data-id=\"7dfa7ef\" data-element_type=\"widget\" data-widget_type=\"text-editor.default\">\n\t\t\t\t<div class=\"elementor-widget-container\">\n\t\t\t\t\t\t\t<h5>Erkl\u00e4rung \u00fcber die Ber\u00fccksichtigung der wichtigsten nachteiligen Auswirkungen auf Nachhaltigkeitsfaktoren bei der Versicherungsvermittlung<\/h5>\t\t\t\t\t\t<\/div>\n\t\t\t\t<\/div>\n\t\t\t\t<div class=\"elementor-element elementor-element-74efdd4 elementor-widget elementor-widget-text-editor\" data-id=\"74efdd4\" data-element_type=\"widget\" data-widget_type=\"text-editor.default\">\n\t\t\t\t<div class=\"elementor-widget-container\">\n\t\t\t\t\t\t\t<h5>Transparenz der Verg\u00fctungspolitik im Zusammenhang mit der Ber\u00fccksichtigung von Nachhaltigkeitsrisiken<\/h5>\t\t\t\t\t\t<\/div>\n\t\t\t\t<\/div>\n\t\t\t\t<div class=\"elementor-element elementor-element-a87daf5 elementor-widget elementor-widget-text-editor\" data-id=\"a87daf5\" data-element_type=\"widget\" data-widget_type=\"text-editor.default\">\n\t\t\t\t<div class=\"elementor-widget-container\">\n\t\t\t\t\t\t\t<p>Weiterhin schulden Versicherungsvermittler gem\u00e4\u00df Artikel 4 Abs. 5 der Transparenzverordnung Informationen dahingehend, ob sie in Anbetracht der Gr\u00f6\u00dfe, der Art und des Umfangs ihrer T\u00e4tigkeiten und der Art der Versicherungsprodukte die wichtigsten nachteiligen Auswirkungen auf Nachhaltigkeitsfaktoren in ihrer Beratung ber\u00fccksichtigen.<br \/><br \/>Unter Nachhaltigkeitsfaktoren in diesem Sinne sind Umwelt-, Sozial- und Arbeitnehmerbelange, die Achtung der Menschenrechte sowie die Bek\u00e4mpfung von Korruption und Bestechung zu verstehen (vgl. Art. 2 Nr. 24 TranspVO).<br \/><br \/>Im Rahmen der Beratung zu Versicherungsanlageprodukten ber\u00fccksichtige ich die wichtigsten nachteiligen Auswirkungen (\u201ePrincipal Adverse Impacts\u201c, sog. PAI) auf die o.g. Nachhaltigkeitsfaktoren, indem ich Kunden mit Nachhaltigkeitspr\u00e4ferenzen frage, ob sie ein Produkt w\u00fcnschen, das PAI ber\u00fccksichtigt oder ob das gew\u00fcnschte Produkt eine Auswirkung auf allgemeine Nachhaltigkeit (ESG) oder eine Auswirkung auf \u00f6kologische Nachhaltigkeit (E) haben soll. Die so eingeholten Kundenw\u00fcnsche ber\u00fccksichtige ich bei der Auswahl an geeigneten Produkten. Kann anhand der eingeholten Informationen kein geeignetes Produkt empfohlen werden, werde ich die Kunden hierauf entsprechend hinweisen.<br \/><br \/>Im Rahmen meiner Beratung ber\u00fccksichtige ich ferner die wichtigsten nachteiligen Auswirkungen von Investitionsentscheidungen der LVM Lebensversicherungs-AG bzw. der LVM Pensionsfonds-AG auf Nachhaltigkeitsfaktoren. Grundlage der Ber\u00fccksichtigung bilden die von den Anbietern zur Verf\u00fcgung gestellten Informationen.<\/p>\t\t\t\t\t\t<\/div>\n\t\t\t\t<\/div>\n\t\t\t\t<div class=\"elementor-element elementor-element-ee41e06 elementor-widget elementor-widget-text-editor\" data-id=\"ee41e06\" data-element_type=\"widget\" data-widget_type=\"text-editor.default\">\n\t\t\t\t<div class=\"elementor-widget-container\">\n\t\t\t\t\t\t\tWeiterhin sind Versicherungsvermittler zu Angaben in Bezug auf eine potenzielle Abh\u00e4ngigkeit ihrer Verg\u00fctung von Nachhaltigkeitskriterien verpflichtet (Artikel 5 Abs. 1 TranspVO). So ist z.B. dar\u00fcber zu informieren, ob f\u00fcr die Vermittlung nachhaltiger Produkte eine h\u00f6here oder niedrigere Verg\u00fctung (Provisionen, Bonifikationen oder sonstige Verg\u00fctungsbestandteile) erzielt wird als f\u00fcr nicht nachhaltige.\n<br>\nDie H\u00f6he meiner Verg\u00fctung durch das Versicherungsunternehmen h\u00e4ngt nicht davon ab, ob das vermittelte Produkt Nachhaltigkeitsrisiken ber\u00fccksichtigt oder nicht. Es erfolgt insoweit keine nach Nachhaltigkeitsrisiken divergierende Verg\u00fctung. Dieses Prinzip gilt gleichfalls f\u00fcr die Verg\u00fctung meiner Mitarbeitenden.\t\t\t\t\t\t<\/div>\n\t\t\t\t<\/div>\n\t\t\t\t\t<\/div>\n\t\t\t\t<\/div>\n\t\t<div class=\"elementor-element elementor-element-c33631f e-flex e-con-boxed e-con e-parent\" data-id=\"c33631f\" data-element_type=\"container\" data-core-v316-plus=\"true\">\n\t\t\t\t\t<div class=\"e-con-inner\">\n\t\t\t\t<div class=\"elementor-element elementor-element-02b18e2 elementor-widget elementor-widget-heading\" data-id=\"02b18e2\" data-element_type=\"widget\" data-widget_type=\"heading.default\">\n\t\t\t\t<div class=\"elementor-widget-container\">\n\t\t\t<h2 class=\"elementor-heading-title elementor-size-default\">Haftungsausschluss<\/h2>\t\t<\/div>\n\t\t\t\t<\/div>\n\t\t\t\t<div class=\"elementor-element elementor-element-819e108 elementor-widget elementor-widget-text-editor\" data-id=\"819e108\" data-element_type=\"widget\" data-widget_type=\"text-editor.default\">\n\t\t\t\t<div class=\"elementor-widget-container\">\n\t\t\t\t\t\t\t<h4>1. Inhalt des Onlineangebotes<\/h4><p>Wir \u00fcbernehmen keinerlei Gew\u00e4hr f\u00fcr die Aktualit\u00e4t, Korrektheit, Vollst\u00e4ndigkeit oder Qualit\u00e4t der bereitgestellten Informationen. Haftungsanspr\u00fcche gegen uns, welche sich auf Sch\u00e4den materieller oder ideeller Art beziehen, die durch die Nutzung oder Nichtnutzung der dargebotenen Informationen bzw. durch die Nutzung fehlerhafter und unvollst\u00e4ndiger Informationen verursacht wurden, sind grunds\u00e4tzlich ausgeschlossen, sofern seitens unser kein nachweislich vors\u00e4tzliches oder grob fahrl\u00e4ssiges Verschulden vorliegt. Alle Angebote sind freibleibend und unverbindlich. Wir behalten es uns ausdr\u00fccklich vor, Teile der Seiten oder das gesamte Angebot ohne gesonderte Ank\u00fcndigung zu ver\u00e4ndern, zu erg\u00e4nzen, zu l\u00f6schen oder die Ver\u00f6ffentlichung zeitweise oder endg\u00fcltig einzustellen.<\/p><h4>2. Verweise und Links<\/h4><p>Bei direkten oder indirekten Verweisen auf fremde Webseiten (\u201eHyperlinks\u201c), die au\u00dferhalb unseres Verantwortungsbereiches liegen, w\u00fcrde eine Haftungsverpflichtung ausschlie\u00dflich in dem Fall in Kraft treten, in dem wir von den Inhalten Kenntnis haben und es uns technisch m\u00f6glich und zumutbar w\u00e4re, die Nutzung im Falle rechtswidriger Inhalte zu verhindern.<br \/>Wir erkl\u00e4ren hiermit ausdr\u00fccklich, dass zum Zeitpunkt der Linksetzung keine illegalen Inhalte auf den zu verlinkenden Seiten erkennbar waren. Auf die aktuelle und zuk\u00fcnftige Gestaltung, die Inhalte oder die Urheberschaft der gelinkten\/verkn\u00fcpften Seiten haben wir keinerlei Einfluss. Deshalb distanzieren wir uns hiermit ausdr\u00fccklich von allen Inhalten aller gelinkten\/verkn\u00fcpften Seiten, die nach der Linksetzung ver\u00e4ndert wurden. Diese Feststellung gilt f\u00fcr alle innerhalb des eigenen Internetangebotes gesetzten Links und Verweise sowie f\u00fcr Fremdeintr\u00e4ge In der von uns eingerichteten G\u00e4steb\u00fcchern, Diskussionsforen und Mailinglisten. F\u00fcr illegale, fehlerhafte oder unvollst\u00e4ndige Inhalte und insbesondere f\u00fcr Sch\u00e4den, die aus der Nutzung oder Nichtnutzung solcherart dargebotener Informationen entstehen, haftet allein der Anbieter der Seite, auf welche verwiesen wurde, nicht derjenige, der \u00fcber Links auf die jeweilige Ver\u00f6ffentlichung lediglich verweist.<\/p><h4>3. Urheber- und Kennzeichenrecht<\/h4><p>Wir sind bestrebt, in allen Publikationen die Urheberrechte der verwendeten Grafiken, Tondokumente, Videosequenzen und Texte zu beachten, von uns selbst erstellte Grafiken, Tondokumente, Videosequenzen und Texte zu nutzen oder auf lizenzfreie Grafiken, Tondokumente, Videosequenzen und Texte zur\u00fcckzugreifen.<br \/>Alle innerhalb des Internetangebotes genannten und ggf. durch Dritte gesch\u00fctzten Marken- und Warenzeichen unterliegen uneingeschr\u00e4nkt den Bestimmungen des jeweils g\u00fcltigen Kennzeichenrechts und den Besitzrechten der jeweiligen eingetragenen Eigent\u00fcmer. Allein aufgrund der blo\u00dfen Nennung ist nicht der Schluss zu ziehen, dass Markenzeichen nicht durch Rechte Dritter gesch\u00fctzt sind!<\/p><h4>4. Datenschutz<\/h4><p>Sofern innerhalb des Internetangebotes die M\u00f6glichkeit zur Eingabe pers\u00f6nlicher oder gesch\u00e4ftlicher Daten (E-Mail-Adressen, Namen, Anschriften) besteht, so erfolgt die Preisgabe dieser Daten seitens des Nutzers auf ausdr\u00fccklich freiwilliger Basis. Die Inanspruchnahme und Bezahlung aller angebotenen Dienste ist \u2013 soweit technisch m\u00f6glich und zumutbar \u2013 auch ohne Angabe solcher Daten bzw. unter Angabe anonymisierter Daten oder eines Pseudonyms gestattet. Die Nutzung der im Rahmen des Impressums oder vergleichbarer Angaben ver\u00f6ffentlichten Kontaktdaten wie Postanschriften, Telefon- und Faxnummern sowie E-Mail-Adressen durch Dritte zur \u00dcbersendung von nicht ausdr\u00fccklich angeforderten Informationen ist nicht gestattet. Rechtliche Schritte gegen die Versender von so genannten Spam-Mails bei Verst\u00f6\u00dfen gegen dieses Verbot sind ausdr\u00fccklich vorbehalten.<\/p><p>Weitere Informationen siehe <a href=\"\/datenschutz\">Datenschutzerkl\u00e4rung<\/a>.<\/p><h4>5. Rechtswirksamkeit dieses Haftungsausschlusses<\/h4><p>Dieser Haftungsausschluss ist als Teil des Internetangebotes zu betrachten, von dem aus auf diese Seite verwiesen wurde. Sofern Teile oder einzelne Formulierungen dieses Textes der geltenden Rechtslage nicht, nicht mehr oder nicht vollst\u00e4ndig entsprechen sollten, bleiben die \u00fcbrigen Teile des Dokuments in ihrem Inhalt und ihrer G\u00fcltigkeit davon unber\u00fchrt.<\/p>\t\t\t\t\t\t<\/div>\n\t\t\t\t<\/div>\n\t\t\t\t\t<\/div>\n\t\t\t\t<\/div>\n\t\t<div class=\"elementor-element elementor-element-0532c1c e-flex e-con-boxed e-con e-parent\" data-id=\"0532c1c\" data-element_type=\"container\" data-core-v316-plus=\"true\">\n\t\t\t\t\t<div class=\"e-con-inner\">\n\t\t\t\t<div class=\"elementor-element elementor-element-c8ab174 elementor-widget elementor-widget-heading\" data-id=\"c8ab174\" data-element_type=\"widget\" data-widget_type=\"heading.default\">\n\t\t\t\t<div class=\"elementor-widget-container\">\n\t\t\t<h2 class=\"elementor-heading-title elementor-size-default\">Bildnachweise<\/h2>\t\t<\/div>\n\t\t\t\t<\/div>\n\t\t\t\t<div class=\"elementor-element elementor-element-87b0c19 elementor-widget elementor-widget-text-editor\" data-id=\"87b0c19\" data-element_type=\"widget\" data-widget_type=\"text-editor.default\">\n\t\t\t\t<div class=\"elementor-widget-container\">\n\t\t\t\t\t\t\t<strong>Startseite<\/strong>\n<ul>\n \t<li>Free photo close up smiley woman working\nImage by <a href=\"https:\/\/www.freepik.com\/free-photo\/close-up-smiley-woman-working_23404509.htm#query=Mitarbeiter&#038;position=11&#038;from_view=search&#038;track=sph&#038;uuid=574a5ae2-e08f-4384-8947-b61be1608e3c\">Freepik<\/a><\/li>\n<li>Close up people working as team\nImage by <a href=\"https:\/\/www.freepik.com\/free-photo\/close-up-people-working-as-team_23404522.htm#from_view=detail_serie\">Freepik<\/a><\/li>\n<li>\nMedium shot smiley people at work\nImage by <a href=\"https:\/\/www.freepik.com\/free-photo\/medium-shot-smiley-people-work_23404518.htm#from_view=detail_serie\">Freepik<\/a><\/li>\n<li>Free photo creative designers working in a project together\n<a href=\"https:\/\/www.freepik.com\/free-photo\/creative-designers-working-project-together_9812472.htm#query=Mitarbeiter&#038;position=49&#038;from_view=search&#038;track=sph&#038;uuid=c9a97191-f311-451b-9f59-<\/li>\n<li>\nStartseite  Portrait man working on tablet\nImage by <a href=\"https:\/\/www.freepik.com\/free-photo\/portrait-man-working-tablet_13296690.htm#from_view=detail_serie\">Freepik<\/a>\n<\/li>\n<li>lose-up-smiley-people-working-together\nImage by <a href=\"https:\/\/www.freepik.com\/free-photo\/close-up-smiley-people-working-together_23404517.htm#from_view=detail_serie\">Freepik<\/a>\n<\/li>\n<\/ul>\n<strong>Betriebliche Altersvorsorge<\/strong>\n<uL>\n<li>Close up people at business meeting\nImage by <a href=\"https:\/\/www.freepik.com\/free-photo\/close-up-people-business-meeting_23404507.htm#from_view=detail_serie\">Freepik<\/a><\/li>\n<\/ul>\n\n\t\t\t\t\t\t<\/div>\n\t\t\t\t<\/div>\n\t\t\t\t\t<\/div>\n\t\t\t\t<\/div>\n\t\t\t\t<\/div>\n\t\t","protected":false},"excerpt":{"rendered":"<p>Impressum gem\u00e4\u00df \u00a7 5 Telemediengesetz (TMG) Verantwortlich f\u00fcr die Inhalte des Internetauftritts: Torben Br\u00fcningk Rathausstr. 1 22941 Bargteheide Telefon: 04532 25872 FAX: 04532 261036 info@brueningk.lvm.de Gebundener Versicherungsvertreter nach \u00a7 34d Abs. 7 Satz 1 Nr. 1 der Gewerbeordnung RegistrierungsnummerD-3486-PJNJO-96 (www.vermittlerregister.info) Zust\u00e4ndige Aufsichtsbeh\u00f6rdeIndustrie- und Handelskammer L\u00fcbeck Fackenburger Allee 2 23554 L\u00fcbeckMitglied der vorgenannten IHK Berufsbezeichnung Versicherungsvertreter [&hellip;]<\/p>\n","protected":false},"author":3,"featured_media":0,"parent":0,"menu_order":0,"comment_status":"closed","ping_status":"closed","template":"","meta":{"footnotes":""},"class_list":["post-1852","page","type-page","status-publish","hentry"],"yoast_head":"<!-- This site is optimized with the Yoast SEO plugin v22.2 - https:\/\/yoast.com\/wordpress\/plugins\/seo\/ -->\n<title>Impressum - Spiertz Group<\/title>\n<meta name=\"robots\" content=\"noindex, follow, max-snippet:-1, max-image-preview:large, max-video-preview:-1\" \/>\n<meta property=\"og:locale\" content=\"de_DE\" \/>\n<meta property=\"og:type\" content=\"article\" \/>\n<meta property=\"og:title\" content=\"Impressum - Spiertz Group\" \/>\n<meta property=\"og:description\" content=\"Impressum gem\u00e4\u00df \u00a7 5 Telemediengesetz (TMG) Verantwortlich f\u00fcr die Inhalte des Internetauftritts: Torben Br\u00fcningk Rathausstr. 1 22941 Bargteheide Telefon: 04532 25872 FAX: 04532 261036 info@brueningk.lvm.de Gebundener Versicherungsvertreter nach \u00a7 34d Abs. 7 Satz 1 Nr. 1 der Gewerbeordnung RegistrierungsnummerD-3486-PJNJO-96 (www.vermittlerregister.info) Zust\u00e4ndige Aufsichtsbeh\u00f6rdeIndustrie- und Handelskammer L\u00fcbeck Fackenburger Allee 2 23554 L\u00fcbeckMitglied der vorgenannten IHK Berufsbezeichnung Versicherungsvertreter [&hellip;]\" \/>\n<meta property=\"og:url\" content=\"https:\/\/futurenow.info\/spiertz-group\/impressum\/\" \/>\n<meta property=\"og:site_name\" content=\"Spiertz Group\" \/>\n<meta property=\"article:modified_time\" content=\"2024-03-15T11:27:48+00:00\" \/>\n<meta name=\"twitter:card\" content=\"summary_large_image\" \/>\n<meta name=\"twitter:label1\" content=\"Gesch\u00e4tzte Lesezeit\" \/>\n\t<meta name=\"twitter:data1\" content=\"8\u00a0Minuten\" \/>\n<script type=\"application\/ld+json\" class=\"yoast-schema-graph\">{\"@context\":\"https:\/\/schema.org\",\"@graph\":[{\"@type\":\"WebPage\",\"@id\":\"https:\/\/futurenow.info\/spiertz-group\/impressum\/\",\"url\":\"https:\/\/futurenow.info\/spiertz-group\/impressum\/\",\"name\":\"Impressum - Spiertz Group\",\"isPartOf\":{\"@id\":\"https:\/\/futurenow.info\/spiertz-group\/#website\"},\"datePublished\":\"2024-01-03T13:35:14+00:00\",\"dateModified\":\"2024-03-15T11:27:48+00:00\",\"breadcrumb\":{\"@id\":\"https:\/\/futurenow.info\/spiertz-group\/impressum\/#breadcrumb\"},\"inLanguage\":\"de\",\"potentialAction\":[{\"@type\":\"ReadAction\",\"target\":[\"https:\/\/futurenow.info\/spiertz-group\/impressum\/\"]}]},{\"@type\":\"BreadcrumbList\",\"@id\":\"https:\/\/futurenow.info\/spiertz-group\/impressum\/#breadcrumb\",\"itemListElement\":[{\"@type\":\"ListItem\",\"position\":1,\"name\":\"Startseite\",\"item\":\"https:\/\/futurenow.info\/spiertz-group\/\"},{\"@type\":\"ListItem\",\"position\":2,\"name\":\"Impressum\"}]},{\"@type\":\"WebSite\",\"@id\":\"https:\/\/futurenow.info\/spiertz-group\/#website\",\"url\":\"https:\/\/futurenow.info\/spiertz-group\/\",\"name\":\"Spiertz Group\",\"description\":\"\",\"potentialAction\":[{\"@type\":\"SearchAction\",\"target\":{\"@type\":\"EntryPoint\",\"urlTemplate\":\"https:\/\/futurenow.info\/spiertz-group\/?s={search_term_string}\"},\"query-input\":\"required name=search_term_string\"}],\"inLanguage\":\"de\"}]}<\/script>\n<!-- \/ Yoast SEO plugin. -->","yoast_head_json":{"title":"Impressum - Spiertz Group","robots":{"index":"noindex","follow":"follow","max-snippet":"max-snippet:-1","max-image-preview":"max-image-preview:large","max-video-preview":"max-video-preview:-1"},"og_locale":"de_DE","og_type":"article","og_title":"Impressum - Spiertz Group","og_description":"Impressum gem\u00e4\u00df \u00a7 5 Telemediengesetz (TMG) Verantwortlich f\u00fcr die Inhalte des Internetauftritts: Torben Br\u00fcningk Rathausstr. 1 22941 Bargteheide Telefon: 04532 25872 FAX: 04532 261036 info@brueningk.lvm.de Gebundener Versicherungsvertreter nach \u00a7 34d Abs. 7 Satz 1 Nr. 1 der Gewerbeordnung RegistrierungsnummerD-3486-PJNJO-96 (www.vermittlerregister.info) Zust\u00e4ndige Aufsichtsbeh\u00f6rdeIndustrie- und Handelskammer L\u00fcbeck Fackenburger Allee 2 23554 L\u00fcbeckMitglied der vorgenannten IHK Berufsbezeichnung Versicherungsvertreter [&hellip;]","og_url":"https:\/\/futurenow.info\/spiertz-group\/impressum\/","og_site_name":"Spiertz Group","article_modified_time":"2024-03-15T11:27:48+00:00","twitter_card":"summary_large_image","twitter_misc":{"Gesch\u00e4tzte Lesezeit":"8\u00a0Minuten"},"schema":{"@context":"https:\/\/schema.org","@graph":[{"@type":"WebPage","@id":"https:\/\/futurenow.info\/spiertz-group\/impressum\/","url":"https:\/\/futurenow.info\/spiertz-group\/impressum\/","name":"Impressum - Spiertz Group","isPartOf":{"@id":"https:\/\/futurenow.info\/spiertz-group\/#website"},"datePublished":"2024-01-03T13:35:14+00:00","dateModified":"2024-03-15T11:27:48+00:00","breadcrumb":{"@id":"https:\/\/futurenow.info\/spiertz-group\/impressum\/#breadcrumb"},"inLanguage":"de","potentialAction":[{"@type":"ReadAction","target":["https:\/\/futurenow.info\/spiertz-group\/impressum\/"]}]},{"@type":"BreadcrumbList","@id":"https:\/\/futurenow.info\/spiertz-group\/impressum\/#breadcrumb","itemListElement":[{"@type":"ListItem","position":1,"name":"Startseite","item":"https:\/\/futurenow.info\/spiertz-group\/"},{"@type":"ListItem","position":2,"name":"Impressum"}]},{"@type":"WebSite","@id":"https:\/\/futurenow.info\/spiertz-group\/#website","url":"https:\/\/futurenow.info\/spiertz-group\/","name":"Spiertz Group","description":"","potentialAction":[{"@type":"SearchAction","target":{"@type":"EntryPoint","urlTemplate":"https:\/\/futurenow.info\/spiertz-group\/?s={search_term_string}"},"query-input":"required name=search_term_string"}],"inLanguage":"de"}]}},"_links":{"self":[{"href":"https:\/\/futurenow.info\/spiertz-group\/wp-json\/wp\/v2\/pages\/1852","targetHints":{"allow":["GET"]}}],"collection":[{"href":"https:\/\/futurenow.info\/spiertz-group\/wp-json\/wp\/v2\/pages"}],"about":[{"href":"https:\/\/futurenow.info\/spiertz-group\/wp-json\/wp\/v2\/types\/page"}],"author":[{"embeddable":true,"href":"https:\/\/futurenow.info\/spiertz-group\/wp-json\/wp\/v2\/users\/3"}],"replies":[{"embeddable":true,"href":"https:\/\/futurenow.info\/spiertz-group\/wp-json\/wp\/v2\/comments?post=1852"}],"version-history":[{"count":0,"href":"https:\/\/futurenow.info\/spiertz-group\/wp-json\/wp\/v2\/pages\/1852\/revisions"}],"wp:attachment":[{"href":"https:\/\/futurenow.info\/spiertz-group\/wp-json\/wp\/v2\/media?parent=1852"}],"curies":[{"name":"wp","href":"https:\/\/api.w.org\/{rel}","templated":true}]}}